{"id":13102,"date":"2024-05-25T17:35:09","date_gmt":"2024-05-25T17:35:09","guid":{"rendered":"https:\/\/worklaser.pt\/?post_type=product&#038;p=13102"},"modified":"2026-03-12T08:49:44","modified_gmt":"2026-03-12T08:49:44","slug":"porta-aliancas-tronco-ref-6","status":"publish","type":"product","link":"https:\/\/worklaser.pt\/?product=porta-aliancas-tronco-ref-6","title":{"rendered":"Porta Alian\u00e7as Tronco ref.6"},"content":{"rendered":"","protected":false},"excerpt":{"rendered":"<p>Porta alian\u00e7as tronco de madeira natural. A tonalidade da madeira difere de tronco para tronco, pois \u00e9 um tronco natural e todos s\u00e3o diferentes.<br \/>\nPersonalizado com nomes e data.<br \/>\nAs alian\u00e7as ficam pousadas, caso queira um fio\/fita para segurar as alian\u00e7as indique nas notas da encomenda.<br \/>\nTamanho: cerca de 14cm de di\u00e2metro<\/p>\n<p>O tronco leva acabamento a verniz para garantir a qualidade e durabilidade da pe\u00e7a.<br \/>\nTempo de entrega: 15-20 dias \u00fateis<\/p>\n","protected":false},"featured_media":13091,"comment_status":"open","ping_status":"closed","template":"","meta":[],"product_cat":[48,58],"product_tag":[],"yoast_head":"<!-- This site is optimized with the Yoast SEO plugin v14.5 - https:\/\/yoast.com\/wordpress\/plugins\/seo\/ -->\n<title>Porta Alian\u00e7as Tronco ref.6 - WorkLaser<\/title>\n<meta name=\"robots\" content=\"index, follow\" \/>\n<meta name=\"googlebot\" content=\"index, follow, max-snippet:-1, max-image-preview:large, max-video-preview:-1\" \/>\n<meta name=\"bingbot\" content=\"index, follow, max-snippet:-1, max-image-preview:large, max-video-preview:-1\" \/>\n<link rel=\"canonical\" href=\"https:\/\/worklaser.pt\/?product=porta-aliancas-tronco-ref-6\" \/>\n<meta property=\"og:locale\" content=\"pt_PT\" \/>\n<meta property=\"og:type\" content=\"article\" \/>\n<meta property=\"og:title\" content=\"Porta Alian\u00e7as Tronco ref.6 - WorkLaser\" \/>\n<meta property=\"og:description\" content=\"Porta alian\u00e7as tronco de madeira natural. A tonalidade da madeira difere de tronco para tronco, pois \u00e9 um tronco natural e todos s\u00e3o diferentes. Personalizado com nomes e data. As alian\u00e7as ficam pousadas, caso queira um fio\/fita para segurar as alian\u00e7as indique nas notas da encomenda. Tamanho: cerca de 14cm de di\u00e2metro  O tronco leva acabamento a verniz para garantir a qualidade e durabilidade da pe\u00e7a. Tempo de entrega: 15-20 dias \u00fateis\" \/>\n<meta property=\"og:url\" content=\"https:\/\/worklaser.pt\/?product=porta-aliancas-tronco-ref-6\" \/>\n<meta property=\"og:site_name\" content=\"WorkLaser\" \/>\n<meta property=\"article:publisher\" content=\"https:\/\/www.facebook.com\/worklaser\" \/>\n<meta property=\"article:modified_time\" content=\"2026-03-12T08:49:44+00:00\" \/>\n<meta property=\"og:image\" content=\"https:\/\/worklaser.pt\/wp-content\/uploads\/2024\/05\/10-1.jpg\" \/>\n\t<meta property=\"og:image:width\" content=\"600\" \/>\n\t<meta property=\"og:image:height\" content=\"469\" \/>\n<meta property=\"fb:app_id\" content=\"275000290498322\" \/>\n<meta name=\"twitter:card\" content=\"summary_large_image\" \/>\n<script type=\"application\/ld+json\" class=\"yoast-schema-graph\">{\"@context\":\"https:\/\/schema.org\",\"@graph\":[{\"@type\":\"WebSite\",\"@id\":\"https:\/\/worklaser.pt\/#website\",\"url\":\"https:\/\/worklaser.pt\/\",\"name\":\"WorkLaser\",\"description\":\"Loja Online\",\"potentialAction\":[{\"@type\":\"SearchAction\",\"target\":\"https:\/\/worklaser.pt\/?s={search_term_string}\",\"query-input\":\"required name=search_term_string\"}],\"inLanguage\":\"pt-PT\"},{\"@type\":\"ImageObject\",\"@id\":\"https:\/\/worklaser.pt\/?product=porta-aliancas-tronco-ref-6#primaryimage\",\"inLanguage\":\"pt-PT\",\"url\":\"https:\/\/worklaser.pt\/wp-content\/uploads\/2024\/05\/10-1.jpg\",\"width\":600,\"height\":469},{\"@type\":\"WebPage\",\"@id\":\"https:\/\/worklaser.pt\/?product=porta-aliancas-tronco-ref-6#webpage\",\"url\":\"https:\/\/worklaser.pt\/?product=porta-aliancas-tronco-ref-6\",\"name\":\"Porta Alian\\u00e7as Tronco ref.6 - WorkLaser\",\"isPartOf\":{\"@id\":\"https:\/\/worklaser.pt\/#website\"},\"primaryImageOfPage\":{\"@id\":\"https:\/\/worklaser.pt\/?product=porta-aliancas-tronco-ref-6#primaryimage\"},\"datePublished\":\"2024-05-25T17:35:09+00:00\",\"dateModified\":\"2026-03-12T08:49:44+00:00\",\"inLanguage\":\"pt-PT\",\"potentialAction\":[{\"@type\":\"ReadAction\",\"target\":[\"https:\/\/worklaser.pt\/?product=porta-aliancas-tronco-ref-6\"]}]}]}<\/script>\n<!-- \/ Yoast SEO plugin. -->","builder_content":"","_links":{"self":[{"href":"https:\/\/worklaser.pt\/index.php?rest_route=\/wp\/v2\/product\/13102"}],"collection":[{"href":"https:\/\/worklaser.pt\/index.php?rest_route=\/wp\/v2\/product"}],"about":[{"href":"https:\/\/worklaser.pt\/index.php?rest_route=\/wp\/v2\/types\/product"}],"replies":[{"embeddable":true,"href":"https:\/\/worklaser.pt\/index.php?rest_route=%2Fwp%2Fv2%2Fcomments&post=13102"}],"wp:featuredmedia":[{"embeddable":true,"href":"https:\/\/worklaser.pt\/index.php?rest_route=\/wp\/v2\/media\/13091"}],"wp:attachment":[{"href":"https:\/\/worklaser.pt\/index.php?rest_route=%2Fwp%2Fv2%2Fmedia&parent=13102"}],"wp:term":[{"taxonomy":"product_cat","embeddable":true,"href":"https:\/\/worklaser.pt\/index.php?rest_route=%2Fwp%2Fv2%2Fproduct_cat&post=13102"},{"taxonomy":"product_tag","embeddable":true,"href":"https:\/\/worklaser.pt\/index.php?rest_route=%2Fwp%2Fv2%2Fproduct_tag&post=13102"}],"curies":[{"name":"wp","href":"https:\/\/api.w.org\/{rel}","templated":true}]}}