{"id":10699,"date":"2022-01-12T09:51:23","date_gmt":"2022-01-12T09:51:23","guid":{"rendered":"https:\/\/worklaser.pt\/?post_type=product&#038;p=10699"},"modified":"2022-01-12T09:51:23","modified_gmt":"2022-01-12T09:51:23","slug":"porta-chaves-coracao-c-peca","status":"publish","type":"product","link":"https:\/\/worklaser.pt\/?product=porta-chaves-coracao-c-peca","title":{"rendered":"Porta chaves Cora\u00e7\u00e3o c\/pe\u00e7a"},"content":{"rendered":"","protected":false},"excerpt":{"rendered":"<p>Porta chaves em mdf madeira de faia<br \/>\nPersonalizado com nomes<br \/>\nA pe\u00e7a de puzzle \u00e9 de retirar do cora\u00e7\u00e3o e depois poder\u00e1 pendurar onde quiser pois leva argola.<\/p>\n<p>Tamanho do cora\u00e7\u00e3o: 6cm x 5.9cm<br \/>\nTamanho da pe\u00e7a puzzle: 3cm x 3cm<\/p>\n<p>Tempo de entrega 8\/10 dias \u00fateis ap\u00f3s confirma\u00e7\u00e3o de pagamento<\/p>\n","protected":false},"featured_media":10702,"comment_status":"open","ping_status":"closed","template":"","meta":[],"product_cat":[118],"product_tag":[],"yoast_head":"<!-- This site is optimized with the Yoast SEO plugin v14.5 - https:\/\/yoast.com\/wordpress\/plugins\/seo\/ -->\n<title>Porta chaves Cora\u00e7\u00e3o c\/pe\u00e7a - WorkLaser<\/title>\n<meta name=\"robots\" content=\"index, follow\" \/>\n<meta name=\"googlebot\" content=\"index, follow, max-snippet:-1, max-image-preview:large, max-video-preview:-1\" \/>\n<meta name=\"bingbot\" content=\"index, follow, max-snippet:-1, max-image-preview:large, max-video-preview:-1\" \/>\n<link rel=\"canonical\" href=\"https:\/\/worklaser.pt\/?product=porta-chaves-coracao-c-peca\" \/>\n<meta property=\"og:locale\" content=\"pt_PT\" \/>\n<meta property=\"og:type\" content=\"article\" \/>\n<meta property=\"og:title\" content=\"Porta chaves Cora\u00e7\u00e3o c\/pe\u00e7a - WorkLaser\" \/>\n<meta property=\"og:description\" content=\"Porta chaves em mdf madeira de faia Personalizado com nomes A pe\u00e7a de puzzle \u00e9 de retirar do cora\u00e7\u00e3o e depois poder\u00e1 pendurar onde quiser pois leva argola.  Tamanho do cora\u00e7\u00e3o: 6cm x 5.9cm Tamanho da pe\u00e7a puzzle: 3cm x 3cm  Tempo de entrega 8\/10 dias \u00fateis ap\u00f3s confirma\u00e7\u00e3o de pagamento\" \/>\n<meta property=\"og:url\" content=\"https:\/\/worklaser.pt\/?product=porta-chaves-coracao-c-peca\" \/>\n<meta property=\"og:site_name\" content=\"WorkLaser\" \/>\n<meta property=\"article:publisher\" content=\"https:\/\/www.facebook.com\/worklaser\" \/>\n<meta property=\"og:image\" content=\"https:\/\/worklaser.pt\/wp-content\/uploads\/2022\/01\/4-1.jpg\" \/>\n\t<meta property=\"og:image:width\" content=\"600\" \/>\n\t<meta property=\"og:image:height\" content=\"469\" \/>\n<meta property=\"fb:app_id\" content=\"275000290498322\" \/>\n<meta name=\"twitter:card\" content=\"summary_large_image\" \/>\n<script type=\"application\/ld+json\" class=\"yoast-schema-graph\">{\"@context\":\"https:\/\/schema.org\",\"@graph\":[{\"@type\":\"WebSite\",\"@id\":\"https:\/\/worklaser.pt\/#website\",\"url\":\"https:\/\/worklaser.pt\/\",\"name\":\"WorkLaser\",\"description\":\"Loja Online\",\"potentialAction\":[{\"@type\":\"SearchAction\",\"target\":\"https:\/\/worklaser.pt\/?s={search_term_string}\",\"query-input\":\"required name=search_term_string\"}],\"inLanguage\":\"pt-PT\"},{\"@type\":\"ImageObject\",\"@id\":\"https:\/\/worklaser.pt\/?product=porta-chaves-coracao-c-peca#primaryimage\",\"inLanguage\":\"pt-PT\",\"url\":\"https:\/\/worklaser.pt\/wp-content\/uploads\/2022\/01\/4-1.jpg\",\"width\":600,\"height\":469},{\"@type\":\"WebPage\",\"@id\":\"https:\/\/worklaser.pt\/?product=porta-chaves-coracao-c-peca#webpage\",\"url\":\"https:\/\/worklaser.pt\/?product=porta-chaves-coracao-c-peca\",\"name\":\"Porta chaves Cora\\u00e7\\u00e3o c\/pe\\u00e7a - WorkLaser\",\"isPartOf\":{\"@id\":\"https:\/\/worklaser.pt\/#website\"},\"primaryImageOfPage\":{\"@id\":\"https:\/\/worklaser.pt\/?product=porta-chaves-coracao-c-peca#primaryimage\"},\"datePublished\":\"2022-01-12T09:51:23+00:00\",\"dateModified\":\"2022-01-12T09:51:23+00:00\",\"inLanguage\":\"pt-PT\",\"potentialAction\":[{\"@type\":\"ReadAction\",\"target\":[\"https:\/\/worklaser.pt\/?product=porta-chaves-coracao-c-peca\"]}]}]}<\/script>\n<!-- \/ Yoast SEO plugin. -->","builder_content":"","_links":{"self":[{"href":"https:\/\/worklaser.pt\/index.php?rest_route=\/wp\/v2\/product\/10699"}],"collection":[{"href":"https:\/\/worklaser.pt\/index.php?rest_route=\/wp\/v2\/product"}],"about":[{"href":"https:\/\/worklaser.pt\/index.php?rest_route=\/wp\/v2\/types\/product"}],"replies":[{"embeddable":true,"href":"https:\/\/worklaser.pt\/index.php?rest_route=%2Fwp%2Fv2%2Fcomments&post=10699"}],"wp:featuredmedia":[{"embeddable":true,"href":"https:\/\/worklaser.pt\/index.php?rest_route=\/wp\/v2\/media\/10702"}],"wp:attachment":[{"href":"https:\/\/worklaser.pt\/index.php?rest_route=%2Fwp%2Fv2%2Fmedia&parent=10699"}],"wp:term":[{"taxonomy":"product_cat","embeddable":true,"href":"https:\/\/worklaser.pt\/index.php?rest_route=%2Fwp%2Fv2%2Fproduct_cat&post=10699"},{"taxonomy":"product_tag","embeddable":true,"href":"https:\/\/worklaser.pt\/index.php?rest_route=%2Fwp%2Fv2%2Fproduct_tag&post=10699"}],"curies":[{"name":"wp","href":"https:\/\/api.w.org\/{rel}","templated":true}]}}